{"id":2499,"date":"2025-03-10T13:01:00","date_gmt":"2025-03-10T12:01:00","guid":{"rendered":"https:\/\/caeremonialeromanum.com\/?page_id=2499"},"modified":"2025-05-19T20:34:21","modified_gmt":"2025-05-19T18:34:21","slug":"papers","status":"publish","type":"page","link":"https:\/\/caeremonialeromanum.com\/en\/papers\/","title":{"rendered":"Papers"},"content":{"rendered":"<pre class=\"wp-block-preformatted\">We present our scientific, semi-scientific or popular science texts (written based on sources but published without review and\/or in non-reviewed periodicals and\/or not strictly scientific journals), which have been devoted to issues related to the papal liturgy. Each text is available in its entirety and for free for download in pdf format. ATTENTION! If any text has also been published in English, the English title is provided (article no. 3).<\/pre>\n\n\n<div class=\"wp-block-image\">\n<figure class=\"aligncenter size-medium\"><img decoding=\"async\" width=\"300\" height=\"83\" src=\"https:\/\/caeremonialeromanum.com\/wp-content\/uploads\/2025\/04\/tiara_kapelusze_bez_tla-300x83.png\" alt=\"\" class=\"wp-image-2971\" srcset=\"https:\/\/caeremonialeromanum.com\/wp-content\/uploads\/2025\/04\/tiara_kapelusze_bez_tla-300x83.png 300w, https:\/\/caeremonialeromanum.com\/wp-content\/uploads\/2025\/04\/tiara_kapelusze_bez_tla-1024x283.png 1024w, https:\/\/caeremonialeromanum.com\/wp-content\/uploads\/2025\/04\/tiara_kapelusze_bez_tla-768x212.png 768w, https:\/\/caeremonialeromanum.com\/wp-content\/uploads\/2025\/04\/tiara_kapelusze_bez_tla-1536x425.png 1536w, https:\/\/caeremonialeromanum.com\/wp-content\/uploads\/2025\/04\/tiara_kapelusze_bez_tla-2048x566.png 2048w, https:\/\/caeremonialeromanum.com\/wp-content\/uploads\/2025\/04\/tiara_kapelusze_bez_tla-18x5.png 18w\" sizes=\"(max-width: 300px) 100vw, 300px\" \/><\/figure><\/div>\n\n\n<p><strong><span style=\"text-decoration: underline;\">[1]<\/span><\/strong> <strong><em>Archiwum Prefektury Ceremonii Papieskich i<\/em> Diaria caeremoniarum \u2013<em> niezbadany skarbiec historii liturgii, Rzymu i papiestwa (wraz z transkrypcj\u0105 i t\u0142umaczeniem r\u0119kopisu kard. Enrico Dantego<\/em> Ai miei carissimi Colleghi Cerimonieri Pontifici)<\/strong>, [in:] <em>Scripturae Lumen. Biblia i jej oddzia\u0142ywanie<\/em>, vol. 11: <em>Ko\u015bci\u00f3\u0142 Chrystusa<\/em>, Wydawnictwo BIBLOS, Tarn\u00f3w <span style=\"text-decoration: underline;\">2021<\/span>, p. 443-458.<\/p>\n\n\n\n<div data-wp-interactive=\"core\/file\" class=\"wp-block-file aligncenter\"><object data-wp-bind--hidden=\"!state.hasPdfPreview\" hidden class=\"wp-block-file__embed\" data=\"https:\/\/caeremonialeromanum.com\/wp-content\/uploads\/2025\/05\/Archiwum-Prefektury-Ceremonii-Papieskich-i-Diaria-caeremoniarum-2021.pdf\" type=\"application\/pdf\" style=\"width:100%;height:600px\" aria-label=\"Embed of Archiwum Prefektury Ceremonii Papieskich i Diaria caeremoniarum [2021].\"><\/object><a id=\"wp-block-file--media-cd263c75-39b6-4ab5-a2bc-beb2e79c04e4\" href=\"https:\/\/caeremonialeromanum.com\/wp-content\/uploads\/2025\/05\/Archiwum-Prefektury-Ceremonii-Papieskich-i-Diaria-caeremoniarum-2021.pdf\">Archiwum Prefektury Ceremonii Papieskich i Diaria caeremoniarum [2021]<\/a><a href=\"https:\/\/caeremonialeromanum.com\/wp-content\/uploads\/2025\/05\/Archiwum-Prefektury-Ceremonii-Papieskich-i-Diaria-caeremoniarum-2021.pdf\" class=\"wp-block-file__button wp-element-button\" download aria-describedby=\"wp-block-file--media-cd263c75-39b6-4ab5-a2bc-beb2e79c04e4\">Pobierz<\/a><\/div>\n\n\n<div class=\"wp-block-image\">\n<figure class=\"aligncenter size-medium\"><img decoding=\"async\" width=\"300\" height=\"83\" src=\"https:\/\/caeremonialeromanum.com\/wp-content\/uploads\/2025\/04\/tiara_kapelusze_bez_tla-300x83.png\" alt=\"\" class=\"wp-image-2971\" srcset=\"https:\/\/caeremonialeromanum.com\/wp-content\/uploads\/2025\/04\/tiara_kapelusze_bez_tla-300x83.png 300w, https:\/\/caeremonialeromanum.com\/wp-content\/uploads\/2025\/04\/tiara_kapelusze_bez_tla-1024x283.png 1024w, https:\/\/caeremonialeromanum.com\/wp-content\/uploads\/2025\/04\/tiara_kapelusze_bez_tla-768x212.png 768w, https:\/\/caeremonialeromanum.com\/wp-content\/uploads\/2025\/04\/tiara_kapelusze_bez_tla-1536x425.png 1536w, https:\/\/caeremonialeromanum.com\/wp-content\/uploads\/2025\/04\/tiara_kapelusze_bez_tla-2048x566.png 2048w, https:\/\/caeremonialeromanum.com\/wp-content\/uploads\/2025\/04\/tiara_kapelusze_bez_tla-18x5.png 18w\" sizes=\"(max-width: 300px) 100vw, 300px\" \/><\/figure><\/div>\n\n\n<p><strong><span style=\"text-decoration: underline;\">[2]<\/span><\/strong> <strong><em>Od ceremonia\u0142u papieskiego do ceremonia\u0142u biskupiego. Wp\u0142yw&nbsp;renesansowej <\/em>Cappella Papale<em> na liturgiczny rytm \u017cycia stolic biskupich<\/em><\/strong>, &#8222;Ruch Biblijny i Liturgiczny&#8221;, vol. 73, no. 4 (<span style=\"text-decoration: underline;\">2020<\/span>), p. 293-308.<\/p>\n\n\n\n<div data-wp-interactive=\"core\/file\" class=\"wp-block-file aligncenter\"><object data-wp-bind--hidden=\"!state.hasPdfPreview\" hidden class=\"wp-block-file__embed\" data=\"https:\/\/caeremonialeromanum.com\/wp-content\/uploads\/2025\/05\/Od-ceremonialu-papieskiego-do-ceremonialu-biskupiego-2020.pdf\" type=\"application\/pdf\" style=\"width:100%;height:600px\" aria-label=\"Embed of Od ceremonia\u0142u papieskiego do ceremonia\u0142u biskupiego [2020].\"><\/object><a id=\"wp-block-file--media-3908b079-d47b-4641-8a03-d7e62f758c33\" href=\"https:\/\/caeremonialeromanum.com\/wp-content\/uploads\/2025\/05\/Od-ceremonialu-papieskiego-do-ceremonialu-biskupiego-2020.pdf\">Od ceremonia\u0142u papieskiego do ceremonia\u0142u biskupiego [2020]<\/a><a href=\"https:\/\/caeremonialeromanum.com\/wp-content\/uploads\/2025\/05\/Od-ceremonialu-papieskiego-do-ceremonialu-biskupiego-2020.pdf\" class=\"wp-block-file__button wp-element-button\" download aria-describedby=\"wp-block-file--media-3908b079-d47b-4641-8a03-d7e62f758c33\">Pobierz<\/a><\/div>\n\n\n<div class=\"wp-block-image\">\n<figure class=\"aligncenter size-medium\"><img decoding=\"async\" width=\"300\" height=\"83\" src=\"https:\/\/caeremonialeromanum.com\/wp-content\/uploads\/2025\/04\/tiara_kapelusze_bez_tla-300x83.png\" alt=\"\" class=\"wp-image-2971\" srcset=\"https:\/\/caeremonialeromanum.com\/wp-content\/uploads\/2025\/04\/tiara_kapelusze_bez_tla-300x83.png 300w, https:\/\/caeremonialeromanum.com\/wp-content\/uploads\/2025\/04\/tiara_kapelusze_bez_tla-1024x283.png 1024w, https:\/\/caeremonialeromanum.com\/wp-content\/uploads\/2025\/04\/tiara_kapelusze_bez_tla-768x212.png 768w, https:\/\/caeremonialeromanum.com\/wp-content\/uploads\/2025\/04\/tiara_kapelusze_bez_tla-1536x425.png 1536w, https:\/\/caeremonialeromanum.com\/wp-content\/uploads\/2025\/04\/tiara_kapelusze_bez_tla-2048x566.png 2048w, https:\/\/caeremonialeromanum.com\/wp-content\/uploads\/2025\/04\/tiara_kapelusze_bez_tla-18x5.png 18w\" sizes=\"(max-width: 300px) 100vw, 300px\" \/><\/figure><\/div>\n\n\n<p><strong><span style=\"text-decoration: underline;\">[3]<\/span><\/strong> <strong>Sollemnis Coronatio Summi Pontificis<em>. The \u201cOrdines\u201d of the Coronation Masses of Popes John XXIII and Paul VI<\/em><\/strong>, &#8222;Ruch Biblijny i Liturgiczny&#8221;, vol. 72, no. 1 (<span style=\"text-decoration: underline;\">2019<\/span>), p. 17-64.<\/p>\n\n\n\n<div data-wp-interactive=\"core\/file\" class=\"wp-block-file aligncenter\"><object data-wp-bind--hidden=\"!state.hasPdfPreview\" hidden class=\"wp-block-file__embed\" data=\"https:\/\/caeremonialeromanum.com\/wp-content\/uploads\/2025\/05\/Ordines-of-the-Coronation-Masses-of-Popes-John-XXIII-and-Paul-VI-2019-1.pdf\" type=\"application\/pdf\" style=\"width:100%;height:600px\" aria-label=\"Embed of Ordines of the Coronation Masses of Popes John XXIII and Paul VI [2019].\"><\/object><a id=\"wp-block-file--media-e2f90708-6052-4982-999b-a7870c655f20\" href=\"https:\/\/caeremonialeromanum.com\/wp-content\/uploads\/2025\/05\/Ordines-of-the-Coronation-Masses-of-Popes-John-XXIII-and-Paul-VI-2019-1.pdf\">Ordines of the Coronation Masses of Popes John XXIII and Paul VI [2019]<\/a><a href=\"https:\/\/caeremonialeromanum.com\/wp-content\/uploads\/2025\/05\/Ordines-of-the-Coronation-Masses-of-Popes-John-XXIII-and-Paul-VI-2019-1.pdf\" class=\"wp-block-file__button wp-element-button\" download aria-describedby=\"wp-block-file--media-e2f90708-6052-4982-999b-a7870c655f20\">Pobierz<\/a><\/div>\n\n\n<div class=\"wp-block-image\">\n<figure class=\"aligncenter size-medium\"><img decoding=\"async\" width=\"300\" height=\"83\" src=\"https:\/\/caeremonialeromanum.com\/wp-content\/uploads\/2025\/04\/tiara_kapelusze_bez_tla-300x83.png\" alt=\"\" class=\"wp-image-2971\" srcset=\"https:\/\/caeremonialeromanum.com\/wp-content\/uploads\/2025\/04\/tiara_kapelusze_bez_tla-300x83.png 300w, https:\/\/caeremonialeromanum.com\/wp-content\/uploads\/2025\/04\/tiara_kapelusze_bez_tla-1024x283.png 1024w, https:\/\/caeremonialeromanum.com\/wp-content\/uploads\/2025\/04\/tiara_kapelusze_bez_tla-768x212.png 768w, https:\/\/caeremonialeromanum.com\/wp-content\/uploads\/2025\/04\/tiara_kapelusze_bez_tla-1536x425.png 1536w, https:\/\/caeremonialeromanum.com\/wp-content\/uploads\/2025\/04\/tiara_kapelusze_bez_tla-2048x566.png 2048w, https:\/\/caeremonialeromanum.com\/wp-content\/uploads\/2025\/04\/tiara_kapelusze_bez_tla-18x5.png 18w\" sizes=\"(max-width: 300px) 100vw, 300px\" \/><\/figure><\/div>\n\n\n<p><strong><span style=\"text-decoration: underline;\">[4]<\/span><\/strong> <strong>REVIEW: Marzia Cataldi Gallo, <em>Il Papa e le sue vesti. Da Paolo V a Giovanni Paolo II (1600\u20132000)<\/em>, Citt\u00e0 del Vaticano: Edizioni Muzei Vaticani 2016<\/strong>, 463 s., ISBN 978- 88-8271-389-8, &#8222;Liturgia Sacra&#8221;, vol. XXV, no. 53 (<span style=\"text-decoration: underline;\">2019<\/span>), p. 317-319.<\/p>\n\n\n\n<div data-wp-interactive=\"core\/file\" class=\"wp-block-file aligncenter\"><object data-wp-bind--hidden=\"!state.hasPdfPreview\" hidden class=\"wp-block-file__embed\" data=\"https:\/\/caeremonialeromanum.com\/wp-content\/uploads\/2025\/05\/Recenzja-Il-Papa-e-le-sue-vesti-2016.pdf\" type=\"application\/pdf\" style=\"width:100%;height:600px\" aria-label=\"Embed of [Recenzja] Il Papa e le sue vesti [2016].\"><\/object><a id=\"wp-block-file--media-d7231f74-00e0-4d00-a8c6-849828cef4f7\" href=\"https:\/\/caeremonialeromanum.com\/wp-content\/uploads\/2025\/05\/Recenzja-Il-Papa-e-le-sue-vesti-2016.pdf\">[Recenzja] Il Papa e le sue vesti [2016]<\/a><a href=\"https:\/\/caeremonialeromanum.com\/wp-content\/uploads\/2025\/05\/Recenzja-Il-Papa-e-le-sue-vesti-2016.pdf\" class=\"wp-block-file__button wp-element-button\" download aria-describedby=\"wp-block-file--media-d7231f74-00e0-4d00-a8c6-849828cef4f7\">Pobierz<\/a><\/div>\n\n\n<div class=\"wp-block-image\">\n<figure class=\"aligncenter size-medium\"><img decoding=\"async\" width=\"300\" height=\"83\" src=\"https:\/\/caeremonialeromanum.com\/wp-content\/uploads\/2025\/04\/tiara_kapelusze_bez_tla-300x83.png\" alt=\"\" class=\"wp-image-2971\" srcset=\"https:\/\/caeremonialeromanum.com\/wp-content\/uploads\/2025\/04\/tiara_kapelusze_bez_tla-300x83.png 300w, https:\/\/caeremonialeromanum.com\/wp-content\/uploads\/2025\/04\/tiara_kapelusze_bez_tla-1024x283.png 1024w, https:\/\/caeremonialeromanum.com\/wp-content\/uploads\/2025\/04\/tiara_kapelusze_bez_tla-768x212.png 768w, https:\/\/caeremonialeromanum.com\/wp-content\/uploads\/2025\/04\/tiara_kapelusze_bez_tla-1536x425.png 1536w, https:\/\/caeremonialeromanum.com\/wp-content\/uploads\/2025\/04\/tiara_kapelusze_bez_tla-2048x566.png 2048w, https:\/\/caeremonialeromanum.com\/wp-content\/uploads\/2025\/04\/tiara_kapelusze_bez_tla-18x5.png 18w\" sizes=\"(max-width: 300px) 100vw, 300px\" \/><\/figure><\/div>\n\n\n<p><strong><span style=\"text-decoration: underline;\">[5]<\/span><\/strong> <strong><em>Udzia\u0142 Enrico kard. Dantego w reformach liturgicznych XX wieku. Przyczynek do zagadnienia<\/em><\/strong>, &#8222;Resovia Sacra&#8221;, vol. XXIII (<span style=\"text-decoration: underline;\">2016<\/span>), p. 159-175.<\/p>\n\n\n\n<div data-wp-interactive=\"core\/file\" class=\"wp-block-file aligncenter\"><object data-wp-bind--hidden=\"!state.hasPdfPreview\" hidden class=\"wp-block-file__embed\" data=\"https:\/\/caeremonialeromanum.com\/wp-content\/uploads\/2025\/05\/Udzial-Enrico-Dantego-w-reformach-liturgicznych-2016.pdf\" type=\"application\/pdf\" style=\"width:100%;height:600px\" aria-label=\"Embed of Udzia\u0142 Enrico Dantego w reformach liturgicznych [2016].\"><\/object><a id=\"wp-block-file--media-2907cd19-9ef7-451c-833f-7b6f4b9fc002\" href=\"https:\/\/caeremonialeromanum.com\/wp-content\/uploads\/2025\/05\/Udzial-Enrico-Dantego-w-reformach-liturgicznych-2016.pdf\">Udzia\u0142 Enrico Dantego w reformach liturgicznych [2016]<\/a><a href=\"https:\/\/caeremonialeromanum.com\/wp-content\/uploads\/2025\/05\/Udzial-Enrico-Dantego-w-reformach-liturgicznych-2016.pdf\" class=\"wp-block-file__button wp-element-button\" download aria-describedby=\"wp-block-file--media-2907cd19-9ef7-451c-833f-7b6f4b9fc002\">Pobierz<\/a><\/div>\n\n\n<div class=\"wp-block-image\">\n<figure class=\"aligncenter size-medium\"><img decoding=\"async\" width=\"300\" height=\"83\" src=\"https:\/\/caeremonialeromanum.com\/wp-content\/uploads\/2025\/04\/tiara_kapelusze_bez_tla-300x83.png\" alt=\"\" class=\"wp-image-2971\" srcset=\"https:\/\/caeremonialeromanum.com\/wp-content\/uploads\/2025\/04\/tiara_kapelusze_bez_tla-300x83.png 300w, https:\/\/caeremonialeromanum.com\/wp-content\/uploads\/2025\/04\/tiara_kapelusze_bez_tla-1024x283.png 1024w, https:\/\/caeremonialeromanum.com\/wp-content\/uploads\/2025\/04\/tiara_kapelusze_bez_tla-768x212.png 768w, https:\/\/caeremonialeromanum.com\/wp-content\/uploads\/2025\/04\/tiara_kapelusze_bez_tla-1536x425.png 1536w, https:\/\/caeremonialeromanum.com\/wp-content\/uploads\/2025\/04\/tiara_kapelusze_bez_tla-2048x566.png 2048w, https:\/\/caeremonialeromanum.com\/wp-content\/uploads\/2025\/04\/tiara_kapelusze_bez_tla-18x5.png 18w\" sizes=\"(max-width: 300px) 100vw, 300px\" \/><\/figure><\/div>\n\n\n<p><strong><span style=\"text-decoration: underline;\">[6]<\/span><\/strong> <em><strong>O gremia\u0142ach i kardyna\u0142ach<\/strong><\/em>, &#8222;Christianitas&#8221; 63-64 (<span style=\"text-decoration: underline;\">2016<\/span>), p. 284-290.<\/p>\n\n\n\n<div data-wp-interactive=\"core\/file\" class=\"wp-block-file aligncenter\"><object data-wp-bind--hidden=\"!state.hasPdfPreview\" hidden class=\"wp-block-file__embed\" data=\"https:\/\/caeremonialeromanum.com\/wp-content\/uploads\/2025\/05\/O-gremialach-i-kardynalach-2016.pdf\" type=\"application\/pdf\" style=\"width:100%;height:600px\" aria-label=\"Embed of O gremia\u0142ach i kardyna\u0142ach [2016].\"><\/object><a id=\"wp-block-file--media-9d3a8ddf-4c5f-4edc-99c5-47b8dc7269c1\" href=\"https:\/\/caeremonialeromanum.com\/wp-content\/uploads\/2025\/05\/O-gremialach-i-kardynalach-2016.pdf\">O gremia\u0142ach i kardyna\u0142ach [2016]<\/a><a href=\"https:\/\/caeremonialeromanum.com\/wp-content\/uploads\/2025\/05\/O-gremialach-i-kardynalach-2016.pdf\" class=\"wp-block-file__button wp-element-button\" download aria-describedby=\"wp-block-file--media-9d3a8ddf-4c5f-4edc-99c5-47b8dc7269c1\">Pobierz<\/a><\/div>\n\n\n<div class=\"wp-block-image\">\n<figure class=\"aligncenter size-medium\"><img decoding=\"async\" width=\"300\" height=\"83\" src=\"https:\/\/caeremonialeromanum.com\/wp-content\/uploads\/2025\/04\/tiara_kapelusze_bez_tla-300x83.png\" alt=\"\" class=\"wp-image-2971\" srcset=\"https:\/\/caeremonialeromanum.com\/wp-content\/uploads\/2025\/04\/tiara_kapelusze_bez_tla-300x83.png 300w, https:\/\/caeremonialeromanum.com\/wp-content\/uploads\/2025\/04\/tiara_kapelusze_bez_tla-1024x283.png 1024w, https:\/\/caeremonialeromanum.com\/wp-content\/uploads\/2025\/04\/tiara_kapelusze_bez_tla-768x212.png 768w, https:\/\/caeremonialeromanum.com\/wp-content\/uploads\/2025\/04\/tiara_kapelusze_bez_tla-1536x425.png 1536w, https:\/\/caeremonialeromanum.com\/wp-content\/uploads\/2025\/04\/tiara_kapelusze_bez_tla-2048x566.png 2048w, https:\/\/caeremonialeromanum.com\/wp-content\/uploads\/2025\/04\/tiara_kapelusze_bez_tla-18x5.png 18w\" sizes=\"(max-width: 300px) 100vw, 300px\" \/><\/figure><\/div>\n\n\n<p><strong><span style=\"text-decoration: underline;\">[7]<\/span><\/strong> <em><strong>\u017bycie i dzie\u0142o Enrico kardyna\u0142a Dantego. Przyczynek biograficzno-historyczno-liturgiczny<\/strong><\/em>, [in:] <em>Oto cz\u0142owiek<\/em>, red. K. M. Wieczorek, &#8222;Silva Rerum Amora&#8221;, vol. I, Wydawnictwo Leimak, Siemianowice \u015al\u0105skie <span style=\"text-decoration: underline;\">2015<\/span>, p. 101-120.<\/p>\n\n\n\n<div data-wp-interactive=\"core\/file\" class=\"wp-block-file aligncenter\"><object data-wp-bind--hidden=\"!state.hasPdfPreview\" hidden class=\"wp-block-file__embed\" data=\"https:\/\/caeremonialeromanum.com\/wp-content\/uploads\/2025\/05\/Zycie-i-dzielo-Enrico-kardynala-Dantego-2015.pdf\" type=\"application\/pdf\" style=\"width:100%;height:600px\" aria-label=\"Embed of \u017bycie i dzie\u0142o Enrico kardyna\u0142a Dantego [2015].\"><\/object><a id=\"wp-block-file--media-a5b2951a-5a90-4fbe-863b-41d4d6aa20f8\" href=\"https:\/\/caeremonialeromanum.com\/wp-content\/uploads\/2025\/05\/Zycie-i-dzielo-Enrico-kardynala-Dantego-2015.pdf\">\u017bycie i dzie\u0142o Enrico kardyna\u0142a Dantego [2015]<\/a><a href=\"https:\/\/caeremonialeromanum.com\/wp-content\/uploads\/2025\/05\/Zycie-i-dzielo-Enrico-kardynala-Dantego-2015.pdf\" class=\"wp-block-file__button wp-element-button\" download aria-describedby=\"wp-block-file--media-a5b2951a-5a90-4fbe-863b-41d4d6aa20f8\">Pobierz<\/a><\/div>\n\n\n<div class=\"wp-block-image\">\n<figure class=\"aligncenter size-medium\"><img decoding=\"async\" width=\"300\" height=\"83\" src=\"https:\/\/caeremonialeromanum.com\/wp-content\/uploads\/2025\/04\/tiara_kapelusze_bez_tla-300x83.png\" alt=\"\" class=\"wp-image-2971\" srcset=\"https:\/\/caeremonialeromanum.com\/wp-content\/uploads\/2025\/04\/tiara_kapelusze_bez_tla-300x83.png 300w, https:\/\/caeremonialeromanum.com\/wp-content\/uploads\/2025\/04\/tiara_kapelusze_bez_tla-1024x283.png 1024w, https:\/\/caeremonialeromanum.com\/wp-content\/uploads\/2025\/04\/tiara_kapelusze_bez_tla-768x212.png 768w, https:\/\/caeremonialeromanum.com\/wp-content\/uploads\/2025\/04\/tiara_kapelusze_bez_tla-1536x425.png 1536w, https:\/\/caeremonialeromanum.com\/wp-content\/uploads\/2025\/04\/tiara_kapelusze_bez_tla-2048x566.png 2048w, https:\/\/caeremonialeromanum.com\/wp-content\/uploads\/2025\/04\/tiara_kapelusze_bez_tla-18x5.png 18w\" sizes=\"(max-width: 300px) 100vw, 300px\" \/><\/figure><\/div>\n\n\n<p><strong><span style=\"text-decoration: underline;\">[8]<\/span><\/strong> <strong><em>Kwestia bia\u0142ego stroju papie\u017ca<\/em><\/strong>, &#8222;Christianitas&#8221; 56-57 (<span style=\"text-decoration: underline;\">2014<\/span>), p. 334-344.<\/p>\n\n\n\n<div data-wp-interactive=\"core\/file\" class=\"wp-block-file aligncenter\"><object data-wp-bind--hidden=\"!state.hasPdfPreview\" hidden class=\"wp-block-file__embed\" data=\"https:\/\/caeremonialeromanum.com\/wp-content\/uploads\/2025\/05\/Kwestia-bialego-stroju-papieza-2014.pdf\" type=\"application\/pdf\" style=\"width:100%;height:600px\" aria-label=\"Embed of Kwestia bia\u0142ego stroju papie\u017ca [2014].\"><\/object><a id=\"wp-block-file--media-b3b6c066-bc5a-49ba-8a0d-d65bec9c9e9d\" href=\"https:\/\/caeremonialeromanum.com\/wp-content\/uploads\/2025\/05\/Kwestia-bialego-stroju-papieza-2014.pdf\">Kwestia bia\u0142ego stroju papie\u017ca [2014]<\/a><a href=\"https:\/\/caeremonialeromanum.com\/wp-content\/uploads\/2025\/05\/Kwestia-bialego-stroju-papieza-2014.pdf\" class=\"wp-block-file__button wp-element-button\" download aria-describedby=\"wp-block-file--media-b3b6c066-bc5a-49ba-8a0d-d65bec9c9e9d\">Pobierz<\/a><\/div>\n\n\n<div class=\"wp-block-image\">\n<figure class=\"aligncenter size-medium\"><img decoding=\"async\" width=\"300\" height=\"83\" src=\"https:\/\/caeremonialeromanum.com\/wp-content\/uploads\/2025\/04\/tiara_kapelusze_bez_tla-300x83.png\" alt=\"\" class=\"wp-image-2971\" srcset=\"https:\/\/caeremonialeromanum.com\/wp-content\/uploads\/2025\/04\/tiara_kapelusze_bez_tla-300x83.png 300w, https:\/\/caeremonialeromanum.com\/wp-content\/uploads\/2025\/04\/tiara_kapelusze_bez_tla-1024x283.png 1024w, https:\/\/caeremonialeromanum.com\/wp-content\/uploads\/2025\/04\/tiara_kapelusze_bez_tla-768x212.png 768w, https:\/\/caeremonialeromanum.com\/wp-content\/uploads\/2025\/04\/tiara_kapelusze_bez_tla-1536x425.png 1536w, https:\/\/caeremonialeromanum.com\/wp-content\/uploads\/2025\/04\/tiara_kapelusze_bez_tla-2048x566.png 2048w, https:\/\/caeremonialeromanum.com\/wp-content\/uploads\/2025\/04\/tiara_kapelusze_bez_tla-18x5.png 18w\" sizes=\"(max-width: 300px) 100vw, 300px\" \/><\/figure><\/div>\n\n\n<p><strong><span style=\"text-decoration: underline;\">[9]<\/span><\/strong> <strong><em>Msza \u201ewiede\u0144ska\u201d Piusa VI<\/em><\/strong>, &#8222;Christianitas&#8221; 56-57 (<span style=\"text-decoration: underline;\">2014<\/span>), p. 221-224.<\/p>\n\n\n\n<div data-wp-interactive=\"core\/file\" class=\"wp-block-file aligncenter\"><object data-wp-bind--hidden=\"!state.hasPdfPreview\" hidden class=\"wp-block-file__embed\" data=\"https:\/\/caeremonialeromanum.com\/wp-content\/uploads\/2025\/05\/Msza-wiedenska-Piusa-VI-2014-1.pdf\" type=\"application\/pdf\" style=\"width:100%;height:600px\" aria-label=\"Embed of Msza wiede\u0144ska Piusa VI [2014].\"><\/object><a id=\"wp-block-file--media-8f88c939-3a85-45ce-a3c9-742fb3ce0627\" href=\"https:\/\/caeremonialeromanum.com\/wp-content\/uploads\/2025\/05\/Msza-wiedenska-Piusa-VI-2014-1.pdf\">Msza wiede\u0144ska Piusa VI [2014]<\/a><a href=\"https:\/\/caeremonialeromanum.com\/wp-content\/uploads\/2025\/05\/Msza-wiedenska-Piusa-VI-2014-1.pdf\" class=\"wp-block-file__button wp-element-button\" download aria-describedby=\"wp-block-file--media-8f88c939-3a85-45ce-a3c9-742fb3ce0627\">Pobierz<\/a><\/div>\n\n\n<div class=\"wp-block-image\">\n<figure class=\"aligncenter size-medium\"><img decoding=\"async\" width=\"300\" height=\"83\" src=\"https:\/\/caeremonialeromanum.com\/wp-content\/uploads\/2025\/04\/tiara_kapelusze_bez_tla-300x83.png\" alt=\"\" class=\"wp-image-2971\" srcset=\"https:\/\/caeremonialeromanum.com\/wp-content\/uploads\/2025\/04\/tiara_kapelusze_bez_tla-300x83.png 300w, https:\/\/caeremonialeromanum.com\/wp-content\/uploads\/2025\/04\/tiara_kapelusze_bez_tla-1024x283.png 1024w, https:\/\/caeremonialeromanum.com\/wp-content\/uploads\/2025\/04\/tiara_kapelusze_bez_tla-768x212.png 768w, https:\/\/caeremonialeromanum.com\/wp-content\/uploads\/2025\/04\/tiara_kapelusze_bez_tla-1536x425.png 1536w, https:\/\/caeremonialeromanum.com\/wp-content\/uploads\/2025\/04\/tiara_kapelusze_bez_tla-2048x566.png 2048w, https:\/\/caeremonialeromanum.com\/wp-content\/uploads\/2025\/04\/tiara_kapelusze_bez_tla-18x5.png 18w\" sizes=\"(max-width: 300px) 100vw, 300px\" \/><\/figure><\/div>\n\n\n<p><strong><span style=\"text-decoration: underline;\">[10]<\/span><\/strong> <strong><em>Historia, \u017ar\u00f3d\u0142a i ceremonie solennej Mszy papieskiej wed\u0142ug<\/em> usus antiquior<\/strong>, &#8222;Christianitas&#8221; 52 (<span style=\"text-decoration: underline;\">2013<\/span>), p. 178-212.<\/p>\n\n\n\n<div data-wp-interactive=\"core\/file\" class=\"wp-block-file aligncenter\"><object data-wp-bind--hidden=\"!state.hasPdfPreview\" hidden class=\"wp-block-file__embed\" data=\"https:\/\/caeremonialeromanum.com\/wp-content\/uploads\/2025\/05\/Historia-zrodla-i-ceremonie-solennej-Mszy-papieskiej-wedlug-usus-antiquior-2013.pdf\" type=\"application\/pdf\" style=\"width:100%;height:600px\" aria-label=\"Embed of Historia, \u017ar\u00f3d\u0142a i ceremonie solennej Mszy papieskiej wed\u0142ug usus antiquior [2013].\"><\/object><a id=\"wp-block-file--media-436442e1-b393-43f4-a709-3e438065d3a6\" href=\"https:\/\/caeremonialeromanum.com\/wp-content\/uploads\/2025\/05\/Historia-zrodla-i-ceremonie-solennej-Mszy-papieskiej-wedlug-usus-antiquior-2013.pdf\">Historia, \u017ar\u00f3d\u0142a i ceremonie solennej Mszy papieskiej wed\u0142ug usus antiquior [2013]<\/a><a href=\"https:\/\/caeremonialeromanum.com\/wp-content\/uploads\/2025\/05\/Historia-zrodla-i-ceremonie-solennej-Mszy-papieskiej-wedlug-usus-antiquior-2013.pdf\" class=\"wp-block-file__button wp-element-button\" download aria-describedby=\"wp-block-file--media-436442e1-b393-43f4-a709-3e438065d3a6\">Pobierz<\/a><\/div>\n\n\n<div class=\"wp-block-image\">\n<figure class=\"aligncenter size-medium\"><img decoding=\"async\" width=\"300\" height=\"83\" src=\"https:\/\/caeremonialeromanum.com\/wp-content\/uploads\/2025\/04\/tiara_kapelusze_bez_tla-300x83.png\" alt=\"\" class=\"wp-image-2971\" srcset=\"https:\/\/caeremonialeromanum.com\/wp-content\/uploads\/2025\/04\/tiara_kapelusze_bez_tla-300x83.png 300w, https:\/\/caeremonialeromanum.com\/wp-content\/uploads\/2025\/04\/tiara_kapelusze_bez_tla-1024x283.png 1024w, https:\/\/caeremonialeromanum.com\/wp-content\/uploads\/2025\/04\/tiara_kapelusze_bez_tla-768x212.png 768w, https:\/\/caeremonialeromanum.com\/wp-content\/uploads\/2025\/04\/tiara_kapelusze_bez_tla-1536x425.png 1536w, https:\/\/caeremonialeromanum.com\/wp-content\/uploads\/2025\/04\/tiara_kapelusze_bez_tla-2048x566.png 2048w, https:\/\/caeremonialeromanum.com\/wp-content\/uploads\/2025\/04\/tiara_kapelusze_bez_tla-18x5.png 18w\" sizes=\"(max-width: 300px) 100vw, 300px\" \/><\/figure><\/div>\n\n\n<p><strong><span style=\"text-decoration: underline;\">[11]<\/span><\/strong> <strong><em>Niebia\u0144ska liturgia. U st\u00f3p Ksi\u0119cia Aposto\u0142\u00f3w<\/em><\/strong>, \u201eChristianitas\u201d 48-49 (<span style=\"text-decoration: underline;\">2012<\/span>), p. 446-454.<\/p>\n\n\n\n<div data-wp-interactive=\"core\/file\" class=\"wp-block-file aligncenter\"><object data-wp-bind--hidden=\"!state.hasPdfPreview\" hidden class=\"wp-block-file__embed\" data=\"https:\/\/caeremonialeromanum.com\/wp-content\/uploads\/2025\/05\/Niebianska-liturgia.-U-stop-Ksiecia-Apostolow-2012.pdf\" type=\"application\/pdf\" style=\"width:100%;height:600px\" aria-label=\"Embed of Niebia\u0144ska liturgia. U st\u00f3p Ksi\u0119cia Aposto\u0142\u00f3w [2012].\"><\/object><a id=\"wp-block-file--media-7da11c15-a3ab-477e-a5b2-b38ea3546492\" href=\"https:\/\/caeremonialeromanum.com\/wp-content\/uploads\/2025\/05\/Niebianska-liturgia.-U-stop-Ksiecia-Apostolow-2012.pdf\">Niebia\u0144ska liturgia. U st\u00f3p Ksi\u0119cia Aposto\u0142\u00f3w [2012]<\/a><a href=\"https:\/\/caeremonialeromanum.com\/wp-content\/uploads\/2025\/05\/Niebianska-liturgia.-U-stop-Ksiecia-Apostolow-2012.pdf\" class=\"wp-block-file__button wp-element-button\" download aria-describedby=\"wp-block-file--media-7da11c15-a3ab-477e-a5b2-b38ea3546492\">Pobierz<\/a><\/div>\n\n\n<div class=\"wp-block-image\">\n<figure class=\"aligncenter size-medium\"><img decoding=\"async\" width=\"300\" height=\"83\" src=\"https:\/\/caeremonialeromanum.com\/wp-content\/uploads\/2025\/04\/tiara_kapelusze_bez_tla-300x83.png\" alt=\"\" class=\"wp-image-2971\" srcset=\"https:\/\/caeremonialeromanum.com\/wp-content\/uploads\/2025\/04\/tiara_kapelusze_bez_tla-300x83.png 300w, https:\/\/caeremonialeromanum.com\/wp-content\/uploads\/2025\/04\/tiara_kapelusze_bez_tla-1024x283.png 1024w, https:\/\/caeremonialeromanum.com\/wp-content\/uploads\/2025\/04\/tiara_kapelusze_bez_tla-768x212.png 768w, https:\/\/caeremonialeromanum.com\/wp-content\/uploads\/2025\/04\/tiara_kapelusze_bez_tla-1536x425.png 1536w, https:\/\/caeremonialeromanum.com\/wp-content\/uploads\/2025\/04\/tiara_kapelusze_bez_tla-2048x566.png 2048w, https:\/\/caeremonialeromanum.com\/wp-content\/uploads\/2025\/04\/tiara_kapelusze_bez_tla-18x5.png 18w\" sizes=\"(max-width: 300px) 100vw, 300px\" \/><\/figure><\/div>\n\n\n<p><strong><span style=\"text-decoration: underline;\">[12]<\/span><\/strong> <strong><em>Wst\u0119pny zestaw literatury \u017ar\u00f3d\u0142owej do bada\u0144 nad liturgi\u0105 papiesk\u0105<\/em><\/strong>, &#8222;Liturgia Sacra&#8221;, vol. XVII, no. 38 (<span style=\"text-decoration: underline;\">2011<\/span>), p. 333-347.<\/p>\n\n\n\n<div data-wp-interactive=\"core\/file\" class=\"wp-block-file aligncenter\"><object data-wp-bind--hidden=\"!state.hasPdfPreview\" hidden class=\"wp-block-file__embed\" data=\"https:\/\/caeremonialeromanum.com\/wp-content\/uploads\/2025\/05\/Wstepny-zestaw-literatury-zrodlowej-do-badan-nad-liturgia-papieska-2011.pdf\" type=\"application\/pdf\" style=\"width:100%;height:600px\" aria-label=\"Embed of Wst\u0119pny zestaw literatury \u017ar\u00f3d\u0142owej do bada\u0144 nad liturgi\u0105 papiesk\u0105 [2011].\"><\/object><a id=\"wp-block-file--media-2bd8d5c5-c467-4ac4-8fbc-b0f15a62c81b\" href=\"https:\/\/caeremonialeromanum.com\/wp-content\/uploads\/2025\/05\/Wstepny-zestaw-literatury-zrodlowej-do-badan-nad-liturgia-papieska-2011.pdf\">Wst\u0119pny zestaw literatury \u017ar\u00f3d\u0142owej do bada\u0144 nad liturgi\u0105 papiesk\u0105 [2011]<\/a><a href=\"https:\/\/caeremonialeromanum.com\/wp-content\/uploads\/2025\/05\/Wstepny-zestaw-literatury-zrodlowej-do-badan-nad-liturgia-papieska-2011.pdf\" class=\"wp-block-file__button wp-element-button\" download aria-describedby=\"wp-block-file--media-2bd8d5c5-c467-4ac4-8fbc-b0f15a62c81b\">Pobierz<\/a><\/div>\n\n\n<div class=\"wp-block-image\">\n<figure class=\"aligncenter size-medium\"><img decoding=\"async\" width=\"300\" height=\"83\" src=\"https:\/\/caeremonialeromanum.com\/wp-content\/uploads\/2025\/04\/tiara_kapelusze_bez_tla-300x83.png\" alt=\"\" class=\"wp-image-2971\" srcset=\"https:\/\/caeremonialeromanum.com\/wp-content\/uploads\/2025\/04\/tiara_kapelusze_bez_tla-300x83.png 300w, https:\/\/caeremonialeromanum.com\/wp-content\/uploads\/2025\/04\/tiara_kapelusze_bez_tla-1024x283.png 1024w, https:\/\/caeremonialeromanum.com\/wp-content\/uploads\/2025\/04\/tiara_kapelusze_bez_tla-768x212.png 768w, https:\/\/caeremonialeromanum.com\/wp-content\/uploads\/2025\/04\/tiara_kapelusze_bez_tla-1536x425.png 1536w, https:\/\/caeremonialeromanum.com\/wp-content\/uploads\/2025\/04\/tiara_kapelusze_bez_tla-2048x566.png 2048w, https:\/\/caeremonialeromanum.com\/wp-content\/uploads\/2025\/04\/tiara_kapelusze_bez_tla-18x5.png 18w\" sizes=\"(max-width: 300px) 100vw, 300px\" \/><\/figure><\/div>","protected":false},"excerpt":{"rendered":"<p>We present our scientific, semi-scientific or popular science texts (written based on sources but published without review and\/or in non-reviewed periodicals and\/or not strictly scientific journals), which have been devoted to issues related to the papal liturgy. Each text is available in its entirety and for free for download in pdf format. ATTENTION! If any [&hellip;]<\/p>","protected":false},"author":2,"featured_media":0,"parent":0,"menu_order":0,"comment_status":"closed","ping_status":"closed","template":"","meta":{"footnotes":""},"class_list":["post-2499","page","type-page","status-publish","czr-hentry"],"_links":{"self":[{"href":"https:\/\/caeremonialeromanum.com\/en\/wp-json\/wp\/v2\/pages\/2499","targetHints":{"allow":["GET"]}}],"collection":[{"href":"https:\/\/caeremonialeromanum.com\/en\/wp-json\/wp\/v2\/pages"}],"about":[{"href":"https:\/\/caeremonialeromanum.com\/en\/wp-json\/wp\/v2\/types\/page"}],"author":[{"embeddable":true,"href":"https:\/\/caeremonialeromanum.com\/en\/wp-json\/wp\/v2\/users\/2"}],"replies":[{"embeddable":true,"href":"https:\/\/caeremonialeromanum.com\/en\/wp-json\/wp\/v2\/comments?post=2499"}],"version-history":[{"count":0,"href":"https:\/\/caeremonialeromanum.com\/en\/wp-json\/wp\/v2\/pages\/2499\/revisions"}],"wp:attachment":[{"href":"https:\/\/caeremonialeromanum.com\/en\/wp-json\/wp\/v2\/media?parent=2499"}],"curies":[{"name":"wp","href":"https:\/\/api.w.org\/{rel}","templated":true}]}}